{"id":56523,"date":"2025-09-29T16:20:42","date_gmt":"2025-09-29T14:20:42","guid":{"rendered":"https:\/\/fnege-medias.fr\/auteur-acf\/gauthier-thomas-2\/"},"modified":"2026-03-30T23:44:59","modified_gmt":"2026-03-30T21:44:59","slug":"gauthier-thomas","status":"publish","type":"auteur-acf","link":"https:\/\/fnege-medias.fr\/en\/auteur\/gauthier-thomas\/","title":{"rendered":"GAUTHIER Thomas"},"content":{"rendered":"<p style=\"font-weight: 400\">Thomas Gauthier est professeur et doyen associ\u00e9 \u00e0 la p\u00e9dagogie en Anthropoc\u00e8ne \u00e0 emlyon business school. Il est le concepteur et le responsable p\u00e9dagogique des Futurs Durables, un parcours d\u2019introduction \u00e0 l\u2019anticipation en Anthropoc\u00e8ne. Il conduit des travaux de recherche sur l\u2019anticipation et la strat\u00e9gie des organisations face aux limites plan\u00e9taires.<\/p>\n","protected":false},"excerpt":{"rendered":"<p>Thomas Gauthier est professeur et doyen associ\u00e9 \u00e0 la p\u00e9dagogie en Anthropoc\u00e8ne \u00e0 emlyon business school. Il est le concepteur et le responsable p\u00e9dagogique des Futurs Durables, un parcours d\u2019introduction \u00e0 l\u2019anticipation en Anthropoc\u00e8ne. Il conduit des travaux de recherche sur l\u2019anticipation et la strat\u00e9gie des organisations face aux limites plan\u00e9taires.<\/p>\n","protected":false},"featured_media":51272,"template":"","meta":{"_acf_changed":false},"class_list":["post-56523","auteur-acf","type-auteur-acf","status-publish","has-post-thumbnail","hentry"],"acf":[],"_links":{"self":[{"href":"https:\/\/fnege-medias.fr\/en\/wp-json\/wp\/v2\/auteur-acf\/56523","targetHints":{"allow":["GET"]}}],"collection":[{"href":"https:\/\/fnege-medias.fr\/en\/wp-json\/wp\/v2\/auteur-acf"}],"about":[{"href":"https:\/\/fnege-medias.fr\/en\/wp-json\/wp\/v2\/types\/auteur-acf"}],"version-history":[{"count":0,"href":"https:\/\/fnege-medias.fr\/en\/wp-json\/wp\/v2\/auteur-acf\/56523\/revisions"}],"wp:featuredmedia":[{"embeddable":true,"href":"https:\/\/fnege-medias.fr\/en\/wp-json\/wp\/v2\/media\/51272"}],"wp:attachment":[{"href":"https:\/\/fnege-medias.fr\/en\/wp-json\/wp\/v2\/media?parent=56523"}],"curies":[{"name":"wp","href":"https:\/\/api.w.org\/{rel}","templated":true}]}}